{"id":2320,"date":"2020-02-18T19:21:04","date_gmt":"2020-02-18T18:21:04","guid":{"rendered":"http:\/\/talstadtgemeinde-bernburg.de\/?page_id=2320"},"modified":"2020-10-20T17:29:24","modified_gmt":"2020-10-20T15:29:24","slug":"bilder-2020","status":"publish","type":"page","link":"https:\/\/talstadtgemeinde-bernburg.de\/?page_id=2320","title":{"rendered":"Bilder 2020"},"content":{"rendered":"\n<figure class=\"wp-block-image size-large\"><img loading=\"lazy\" decoding=\"async\" width=\"1000\" height=\"667\" src=\"https:\/\/talstadtgemeinde-bernburg.de\/wp-content\/uploads\/2020\/10\/2020-Indienstnahme-Orgel-011.jpeg\" alt=\"\" class=\"wp-image-2385\" srcset=\"https:\/\/talstadtgemeinde-bernburg.de\/wp-content\/uploads\/2020\/10\/2020-Indienstnahme-Orgel-011.jpeg 1000w, https:\/\/talstadtgemeinde-bernburg.de\/wp-content\/uploads\/2020\/10\/2020-Indienstnahme-Orgel-011-300x200.jpeg 300w, https:\/\/talstadtgemeinde-bernburg.de\/wp-content\/uploads\/2020\/10\/2020-Indienstnahme-Orgel-011-768x512.jpeg 768w, https:\/\/talstadtgemeinde-bernburg.de\/wp-content\/uploads\/2020\/10\/2020-Indienstnahme-Orgel-011-624x416.jpeg 624w\" sizes=\"(max-width: 1000px) 100vw, 1000px\" \/><figcaption>Indienstnahme der &#8222;Neuen Orgel&#8220; am 11. Oktober 2020<\/figcaption><\/figure>\n\n\n\n<figure class=\"wp-block-image size-large\"><img loading=\"lazy\" decoding=\"async\" width=\"1000\" height=\"667\" src=\"https:\/\/talstadtgemeinde-bernburg.de\/wp-content\/uploads\/2020\/10\/2020-Indienstnahme-Orgel-010.jpeg\" alt=\"\" class=\"wp-image-2384\" srcset=\"https:\/\/talstadtgemeinde-bernburg.de\/wp-content\/uploads\/2020\/10\/2020-Indienstnahme-Orgel-010.jpeg 1000w, https:\/\/talstadtgemeinde-bernburg.de\/wp-content\/uploads\/2020\/10\/2020-Indienstnahme-Orgel-010-300x200.jpeg 300w, https:\/\/talstadtgemeinde-bernburg.de\/wp-content\/uploads\/2020\/10\/2020-Indienstnahme-Orgel-010-768x512.jpeg 768w, https:\/\/talstadtgemeinde-bernburg.de\/wp-content\/uploads\/2020\/10\/2020-Indienstnahme-Orgel-010-624x416.jpeg 624w\" sizes=\"(max-width: 1000px) 100vw, 1000px\" \/><figcaption>Indienstnahme der &#8222;Neuen Orgel&#8220; am 11. Oktober 2020<\/figcaption><\/figure>\n\n\n\n<figure class=\"wp-block-image size-large\"><img loading=\"lazy\" decoding=\"async\" width=\"1000\" height=\"667\" src=\"https:\/\/talstadtgemeinde-bernburg.de\/wp-content\/uploads\/2020\/10\/2020-Indienstnahme-Orgel-009.jpeg\" alt=\"\" class=\"wp-image-2383\" srcset=\"https:\/\/talstadtgemeinde-bernburg.de\/wp-content\/uploads\/2020\/10\/2020-Indienstnahme-Orgel-009.jpeg 1000w, https:\/\/talstadtgemeinde-bernburg.de\/wp-content\/uploads\/2020\/10\/2020-Indienstnahme-Orgel-009-300x200.jpeg 300w, https:\/\/talstadtgemeinde-bernburg.de\/wp-content\/uploads\/2020\/10\/2020-Indienstnahme-Orgel-009-768x512.jpeg 768w, https:\/\/talstadtgemeinde-bernburg.de\/wp-content\/uploads\/2020\/10\/2020-Indienstnahme-Orgel-009-624x416.jpeg 624w\" sizes=\"(max-width: 1000px) 100vw, 1000px\" \/><figcaption>Indienstnahme der &#8222;Neuen Orgel&#8220; am 11. Oktober 2020<\/figcaption><\/figure>\n\n\n\n<figure class=\"wp-block-image size-large\"><img loading=\"lazy\" decoding=\"async\" width=\"1000\" height=\"667\" src=\"https:\/\/talstadtgemeinde-bernburg.de\/wp-content\/uploads\/2020\/10\/2020-Indienstnahme-Orgel-008.jpeg\" alt=\"\" class=\"wp-image-2382\" srcset=\"https:\/\/talstadtgemeinde-bernburg.de\/wp-content\/uploads\/2020\/10\/2020-Indienstnahme-Orgel-008.jpeg 1000w, https:\/\/talstadtgemeinde-bernburg.de\/wp-content\/uploads\/2020\/10\/2020-Indienstnahme-Orgel-008-300x200.jpeg 300w, https:\/\/talstadtgemeinde-bernburg.de\/wp-content\/uploads\/2020\/10\/2020-Indienstnahme-Orgel-008-768x512.jpeg 768w, https:\/\/talstadtgemeinde-bernburg.de\/wp-content\/uploads\/2020\/10\/2020-Indienstnahme-Orgel-008-624x416.jpeg 624w\" sizes=\"(max-width: 1000px) 100vw, 1000px\" \/><figcaption>Indienstnahme der &#8222;Neuen Orgel&#8220; am 11. Oktober 2020<\/figcaption><\/figure>\n\n\n\n<figure class=\"wp-block-image size-large\"><img loading=\"lazy\" decoding=\"async\" width=\"1000\" height=\"667\" src=\"https:\/\/talstadtgemeinde-bernburg.de\/wp-content\/uploads\/2020\/10\/2020-Indienstnahme-Orgel-007.jpeg\" alt=\"\" class=\"wp-image-2381\" srcset=\"https:\/\/talstadtgemeinde-bernburg.de\/wp-content\/uploads\/2020\/10\/2020-Indienstnahme-Orgel-007.jpeg 1000w, https:\/\/talstadtgemeinde-bernburg.de\/wp-content\/uploads\/2020\/10\/2020-Indienstnahme-Orgel-007-300x200.jpeg 300w, https:\/\/talstadtgemeinde-bernburg.de\/wp-content\/uploads\/2020\/10\/2020-Indienstnahme-Orgel-007-768x512.jpeg 768w, https:\/\/talstadtgemeinde-bernburg.de\/wp-content\/uploads\/2020\/10\/2020-Indienstnahme-Orgel-007-624x416.jpeg 624w\" sizes=\"(max-width: 1000px) 100vw, 1000px\" \/><figcaption>Indienstnahme der &#8222;Neuen Orgel&#8220; am 11. Oktober 2020<\/figcaption><\/figure>\n\n\n\n<figure class=\"wp-block-image size-large\"><img loading=\"lazy\" decoding=\"async\" width=\"1000\" height=\"667\" src=\"https:\/\/talstadtgemeinde-bernburg.de\/wp-content\/uploads\/2020\/10\/2020-Indienstnahme-Orgel-006.jpeg\" alt=\"\" class=\"wp-image-2380\" srcset=\"https:\/\/talstadtgemeinde-bernburg.de\/wp-content\/uploads\/2020\/10\/2020-Indienstnahme-Orgel-006.jpeg 1000w, https:\/\/talstadtgemeinde-bernburg.de\/wp-content\/uploads\/2020\/10\/2020-Indienstnahme-Orgel-006-300x200.jpeg 300w, https:\/\/talstadtgemeinde-bernburg.de\/wp-content\/uploads\/2020\/10\/2020-Indienstnahme-Orgel-006-768x512.jpeg 768w, https:\/\/talstadtgemeinde-bernburg.de\/wp-content\/uploads\/2020\/10\/2020-Indienstnahme-Orgel-006-624x416.jpeg 624w\" sizes=\"(max-width: 1000px) 100vw, 1000px\" \/><figcaption>Indienstnahme der &#8222;Neuen Orgel&#8220; am 11. Oktober 2020<\/figcaption><\/figure>\n\n\n\n<figure class=\"wp-block-image size-large\"><img loading=\"lazy\" decoding=\"async\" width=\"1000\" height=\"667\" src=\"https:\/\/talstadtgemeinde-bernburg.de\/wp-content\/uploads\/2020\/10\/2020-Indienstnahme-Orgel-005.jpeg\" alt=\"\" class=\"wp-image-2379\" srcset=\"https:\/\/talstadtgemeinde-bernburg.de\/wp-content\/uploads\/2020\/10\/2020-Indienstnahme-Orgel-005.jpeg 1000w, https:\/\/talstadtgemeinde-bernburg.de\/wp-content\/uploads\/2020\/10\/2020-Indienstnahme-Orgel-005-300x200.jpeg 300w, https:\/\/talstadtgemeinde-bernburg.de\/wp-content\/uploads\/2020\/10\/2020-Indienstnahme-Orgel-005-768x512.jpeg 768w, https:\/\/talstadtgemeinde-bernburg.de\/wp-content\/uploads\/2020\/10\/2020-Indienstnahme-Orgel-005-624x416.jpeg 624w\" sizes=\"(max-width: 1000px) 100vw, 1000px\" \/><figcaption>Indienstnahme der &#8222;Neuen Orgel&#8220; am 11. Oktober 2020<\/figcaption><\/figure>\n\n\n\n<figure class=\"wp-block-image size-large\"><img loading=\"lazy\" decoding=\"async\" width=\"1000\" height=\"667\" src=\"https:\/\/talstadtgemeinde-bernburg.de\/wp-content\/uploads\/2020\/10\/2020-Indienstnahme-Orgel-004.jpeg\" alt=\"\" class=\"wp-image-2378\" srcset=\"https:\/\/talstadtgemeinde-bernburg.de\/wp-content\/uploads\/2020\/10\/2020-Indienstnahme-Orgel-004.jpeg 1000w, https:\/\/talstadtgemeinde-bernburg.de\/wp-content\/uploads\/2020\/10\/2020-Indienstnahme-Orgel-004-300x200.jpeg 300w, https:\/\/talstadtgemeinde-bernburg.de\/wp-content\/uploads\/2020\/10\/2020-Indienstnahme-Orgel-004-768x512.jpeg 768w, https:\/\/talstadtgemeinde-bernburg.de\/wp-content\/uploads\/2020\/10\/2020-Indienstnahme-Orgel-004-624x416.jpeg 624w\" sizes=\"(max-width: 1000px) 100vw, 1000px\" \/><figcaption>Indienstnahme der &#8222;Neuen Orgel&#8220; am 11. Oktober 2020<\/figcaption><\/figure>\n\n\n\n<figure class=\"wp-block-image size-large\"><img loading=\"lazy\" decoding=\"async\" width=\"1000\" height=\"667\" src=\"https:\/\/talstadtgemeinde-bernburg.de\/wp-content\/uploads\/2020\/10\/2020-Indienstnahme-Orgel-003.jpeg\" alt=\"\" class=\"wp-image-2377\" srcset=\"https:\/\/talstadtgemeinde-bernburg.de\/wp-content\/uploads\/2020\/10\/2020-Indienstnahme-Orgel-003.jpeg 1000w, https:\/\/talstadtgemeinde-bernburg.de\/wp-content\/uploads\/2020\/10\/2020-Indienstnahme-Orgel-003-300x200.jpeg 300w, https:\/\/talstadtgemeinde-bernburg.de\/wp-content\/uploads\/2020\/10\/2020-Indienstnahme-Orgel-003-768x512.jpeg 768w, https:\/\/talstadtgemeinde-bernburg.de\/wp-content\/uploads\/2020\/10\/2020-Indienstnahme-Orgel-003-624x416.jpeg 624w\" sizes=\"(max-width: 1000px) 100vw, 1000px\" \/><figcaption>Indienstnahme der &#8222;Neuen Orgel&#8220; am 11. Oktober 2020<\/figcaption><\/figure>\n\n\n\n<figure class=\"wp-block-image size-large\"><img loading=\"lazy\" decoding=\"async\" width=\"1000\" height=\"667\" src=\"https:\/\/talstadtgemeinde-bernburg.de\/wp-content\/uploads\/2020\/10\/2020-Indienstnahme-Orgel-002.jpeg\" alt=\"\" class=\"wp-image-2376\" srcset=\"https:\/\/talstadtgemeinde-bernburg.de\/wp-content\/uploads\/2020\/10\/2020-Indienstnahme-Orgel-002.jpeg 1000w, https:\/\/talstadtgemeinde-bernburg.de\/wp-content\/uploads\/2020\/10\/2020-Indienstnahme-Orgel-002-300x200.jpeg 300w, https:\/\/talstadtgemeinde-bernburg.de\/wp-content\/uploads\/2020\/10\/2020-Indienstnahme-Orgel-002-768x512.jpeg 768w, https:\/\/talstadtgemeinde-bernburg.de\/wp-content\/uploads\/2020\/10\/2020-Indienstnahme-Orgel-002-624x416.jpeg 624w\" sizes=\"(max-width: 1000px) 100vw, 1000px\" \/><figcaption>Indienstnahme der &#8222;Neuen Orgel&#8220; am 11. Oktober 2020<\/figcaption><\/figure>\n\n\n\n<figure class=\"wp-block-image size-large\"><img loading=\"lazy\" decoding=\"async\" width=\"1000\" height=\"667\" src=\"https:\/\/talstadtgemeinde-bernburg.de\/wp-content\/uploads\/2020\/10\/2020-Indienstnahme-Orgel-001.jpeg\" alt=\"\" class=\"wp-image-2375\" srcset=\"https:\/\/talstadtgemeinde-bernburg.de\/wp-content\/uploads\/2020\/10\/2020-Indienstnahme-Orgel-001.jpeg 1000w, https:\/\/talstadtgemeinde-bernburg.de\/wp-content\/uploads\/2020\/10\/2020-Indienstnahme-Orgel-001-300x200.jpeg 300w, https:\/\/talstadtgemeinde-bernburg.de\/wp-content\/uploads\/2020\/10\/2020-Indienstnahme-Orgel-001-768x512.jpeg 768w, https:\/\/talstadtgemeinde-bernburg.de\/wp-content\/uploads\/2020\/10\/2020-Indienstnahme-Orgel-001-624x416.jpeg 624w\" sizes=\"(max-width: 1000px) 100vw, 1000px\" \/><figcaption>Indienstnahme der &#8222;Neuen Orgel&#8220; am 11. Oktober 2020<\/figcaption><\/figure>\n\n\n\n<figure class=\"wp-block-image size-large\"><img loading=\"lazy\" decoding=\"async\" width=\"1024\" height=\"768\" src=\"https:\/\/talstadtgemeinde-bernburg.de\/wp-content\/uploads\/2020\/05\/82095536-B36C-4648-AF75-0812D9276F9F-1024x768.jpeg\" alt=\"\" class=\"wp-image-2346\" srcset=\"https:\/\/talstadtgemeinde-bernburg.de\/wp-content\/uploads\/2020\/05\/82095536-B36C-4648-AF75-0812D9276F9F-1024x768.jpeg 1024w, https:\/\/talstadtgemeinde-bernburg.de\/wp-content\/uploads\/2020\/05\/82095536-B36C-4648-AF75-0812D9276F9F-300x225.jpeg 300w, https:\/\/talstadtgemeinde-bernburg.de\/wp-content\/uploads\/2020\/05\/82095536-B36C-4648-AF75-0812D9276F9F-768x576.jpeg 768w, https:\/\/talstadtgemeinde-bernburg.de\/wp-content\/uploads\/2020\/05\/82095536-B36C-4648-AF75-0812D9276F9F-624x468.jpeg 624w, https:\/\/talstadtgemeinde-bernburg.de\/wp-content\/uploads\/2020\/05\/82095536-B36C-4648-AF75-0812D9276F9F.jpeg 1280w\" sizes=\"(max-width: 1024px) 100vw, 1024px\" \/><figcaption>Bl\u00e4ser der Gemeinde beim Osterst\u00e4ndchenblasen f\u00fcr die Bewohner des Hauses am Rosenhag<\/figcaption><\/figure>\n\n\n\n<figure class=\"wp-block-image size-large\"><img loading=\"lazy\" decoding=\"async\" width=\"1024\" height=\"682\" src=\"https:\/\/talstadtgemeinde-bernburg.de\/wp-content\/uploads\/2020\/05\/29C85646-A9EC-49E1-B0A8-636E59CB6A5D-1024x682.jpeg\" alt=\"\" class=\"wp-image-2347\" srcset=\"https:\/\/talstadtgemeinde-bernburg.de\/wp-content\/uploads\/2020\/05\/29C85646-A9EC-49E1-B0A8-636E59CB6A5D-1024x682.jpeg 1024w, https:\/\/talstadtgemeinde-bernburg.de\/wp-content\/uploads\/2020\/05\/29C85646-A9EC-49E1-B0A8-636E59CB6A5D-300x200.jpeg 300w, https:\/\/talstadtgemeinde-bernburg.de\/wp-content\/uploads\/2020\/05\/29C85646-A9EC-49E1-B0A8-636E59CB6A5D-768x512.jpeg 768w, https:\/\/talstadtgemeinde-bernburg.de\/wp-content\/uploads\/2020\/05\/29C85646-A9EC-49E1-B0A8-636E59CB6A5D-624x416.jpeg 624w, https:\/\/talstadtgemeinde-bernburg.de\/wp-content\/uploads\/2020\/05\/29C85646-A9EC-49E1-B0A8-636E59CB6A5D.jpeg 1280w\" sizes=\"(max-width: 1024px) 100vw, 1024px\" \/><figcaption>Felix Meirich beim ersten Turmblasen in der Corona-Krise am 22. M\u00e4rz 2020<\/figcaption><\/figure>\n\n\n\n<figure class=\"wp-block-image size-large\"><img loading=\"lazy\" decoding=\"async\" width=\"1024\" height=\"683\" src=\"https:\/\/talstadtgemeinde-bernburg.de\/wp-content\/uploads\/2020\/05\/C5ED5E53-C979-40FD-A41C-B07AF7F71848-1024x683.jpeg\" alt=\"\" class=\"wp-image-2348\" srcset=\"https:\/\/talstadtgemeinde-bernburg.de\/wp-content\/uploads\/2020\/05\/C5ED5E53-C979-40FD-A41C-B07AF7F71848-1024x683.jpeg 1024w, https:\/\/talstadtgemeinde-bernburg.de\/wp-content\/uploads\/2020\/05\/C5ED5E53-C979-40FD-A41C-B07AF7F71848-300x200.jpeg 300w, https:\/\/talstadtgemeinde-bernburg.de\/wp-content\/uploads\/2020\/05\/C5ED5E53-C979-40FD-A41C-B07AF7F71848-768x512.jpeg 768w, https:\/\/talstadtgemeinde-bernburg.de\/wp-content\/uploads\/2020\/05\/C5ED5E53-C979-40FD-A41C-B07AF7F71848-624x416.jpeg 624w, https:\/\/talstadtgemeinde-bernburg.de\/wp-content\/uploads\/2020\/05\/C5ED5E53-C979-40FD-A41C-B07AF7F71848.jpeg 1280w\" sizes=\"(max-width: 1024px) 100vw, 1024px\" \/><\/figure>\n\n\n\n<figure class=\"wp-block-image size-large\"><img loading=\"lazy\" decoding=\"async\" width=\"683\" height=\"1024\" src=\"https:\/\/talstadtgemeinde-bernburg.de\/wp-content\/uploads\/2020\/02\/ProspektpfeifenJanuar-1-683x1024.jpg\" alt=\"\" class=\"wp-image-2321\" srcset=\"https:\/\/talstadtgemeinde-bernburg.de\/wp-content\/uploads\/2020\/02\/ProspektpfeifenJanuar-1-683x1024.jpg 683w, https:\/\/talstadtgemeinde-bernburg.de\/wp-content\/uploads\/2020\/02\/ProspektpfeifenJanuar-1-200x300.jpg 200w, https:\/\/talstadtgemeinde-bernburg.de\/wp-content\/uploads\/2020\/02\/ProspektpfeifenJanuar-1-768x1152.jpg 768w, https:\/\/talstadtgemeinde-bernburg.de\/wp-content\/uploads\/2020\/02\/ProspektpfeifenJanuar-1-624x936.jpg 624w, https:\/\/talstadtgemeinde-bernburg.de\/wp-content\/uploads\/2020\/02\/ProspektpfeifenJanuar-1.jpg 800w\" sizes=\"(max-width: 683px) 100vw, 683px\" \/><\/figure>\n\n\n\n<figure class=\"wp-block-image size-large\"><img loading=\"lazy\" decoding=\"async\" width=\"1024\" height=\"683\" src=\"https:\/\/talstadtgemeinde-bernburg.de\/wp-content\/uploads\/2020\/02\/ProspektpfeifenJanuar-4-1024x683.jpg\" alt=\"\" class=\"wp-image-2322\" srcset=\"https:\/\/talstadtgemeinde-bernburg.de\/wp-content\/uploads\/2020\/02\/ProspektpfeifenJanuar-4-1024x683.jpg 1024w, https:\/\/talstadtgemeinde-bernburg.de\/wp-content\/uploads\/2020\/02\/ProspektpfeifenJanuar-4-300x200.jpg 300w, https:\/\/talstadtgemeinde-bernburg.de\/wp-content\/uploads\/2020\/02\/ProspektpfeifenJanuar-4-768x512.jpg 768w, https:\/\/talstadtgemeinde-bernburg.de\/wp-content\/uploads\/2020\/02\/ProspektpfeifenJanuar-4-624x416.jpg 624w, https:\/\/talstadtgemeinde-bernburg.de\/wp-content\/uploads\/2020\/02\/ProspektpfeifenJanuar-4.jpg 1200w\" sizes=\"(max-width: 1024px) 100vw, 1024px\" \/><\/figure>\n","protected":false},"excerpt":{"rendered":"","protected":false},"author":2,"featured_media":0,"parent":0,"menu_order":0,"comment_status":"closed","ping_status":"closed","template":"","meta":{"footnotes":""},"_links":{"self":[{"href":"https:\/\/talstadtgemeinde-bernburg.de\/index.php?rest_route=\/wp\/v2\/pages\/2320"}],"collection":[{"href":"https:\/\/talstadtgemeinde-bernburg.de\/index.php?rest_route=\/wp\/v2\/pages"}],"about":[{"href":"https:\/\/talstadtgemeinde-bernburg.de\/index.php?rest_route=\/wp\/v2\/types\/page"}],"author":[{"embeddable":true,"href":"https:\/\/talstadtgemeinde-bernburg.de\/index.php?rest_route=\/wp\/v2\/users\/2"}],"replies":[{"embeddable":true,"href":"https:\/\/talstadtgemeinde-bernburg.de\/index.php?rest_route=%2Fwp%2Fv2%2Fcomments&post=2320"}],"version-history":[{"count":3,"href":"https:\/\/talstadtgemeinde-bernburg.de\/index.php?rest_route=\/wp\/v2\/pages\/2320\/revisions"}],"predecessor-version":[{"id":2386,"href":"https:\/\/talstadtgemeinde-bernburg.de\/index.php?rest_route=\/wp\/v2\/pages\/2320\/revisions\/2386"}],"wp:attachment":[{"href":"https:\/\/talstadtgemeinde-bernburg.de\/index.php?rest_route=%2Fwp%2Fv2%2Fmedia&parent=2320"}],"curies":[{"name":"wp","href":"https:\/\/api.w.org\/{rel}","templated":true}]}}