{"id":43,"date":"2012-11-30T22:25:35","date_gmt":"2012-11-30T20:25:35","guid":{"rendered":"http:\/\/talstadtgemeinde-bernburg.de\/?page_id=43"},"modified":"2026-03-03T17:33:20","modified_gmt":"2026-03-03T16:33:20","slug":"kontakt","status":"publish","type":"page","link":"https:\/\/talstadtgemeinde-bernburg.de\/?page_id=43","title":{"rendered":"Kontakt"},"content":{"rendered":"\n<p class=\"has-very-light-gray-background-color has-background\"><strong>Evangelische Talstadtgemeinde Bernburg<\/strong><br>Breite Stra\u00dfe 81<br>06406 Bernburg<br><strong>Telefon: <\/strong>03471\/ 353613<br><strong>Fax: <\/strong>03471\/353681<br><strong>Mail:<\/strong> <a href=\"mailto:kontakt@talstadtgemeinde-bernburg.de\">kontakt(at)talstadtgemeinde-bernburg.de<\/a><\/p>\n\n\n\n<div class=\"wp-block-group has-very-light-gray-background-color has-background\"><div class=\"wp-block-group__inner-container is-layout-flow wp-block-group-is-layout-flow\">\n<p class=\"has-text-align-center has-cyan-bluish-gray-background-color has-background has-medium-font-size\">Pfarrer<\/p>\n\n\n\n<p class=\"has-very-light-gray-background-color has-background\">Johannes Lewek<br>Breite Stra\u00dfe 81<br>06406 Bernburg<br><strong>Telefon:<\/strong> 03471 \/ 353613<br><strong>Funk:<\/strong> 0163 \/ 5527240<br><strong>Fax:<\/strong> 03471 \/ 353681<br><strong>Mail:<\/strong> <a href=\"http:\/\/mailto:.johannes.lewek@talstadtgemeinde-bernburg.de\">johannes.lewek@talstadtgemeinde-bernburg.de<\/a><\/p>\n\n\n<div class=\"wp-block-image\">\n<figure class=\"aligncenter size-full is-resized\"><img loading=\"lazy\" decoding=\"async\" width=\"640\" height=\"427\" src=\"https:\/\/talstadtgemeinde-bernburg.de\/wp-content\/uploads\/2023\/02\/pfarrer_lewek_2023_website.jpeg\" alt=\"\" class=\"wp-image-2852\" style=\"width:479px\" srcset=\"https:\/\/talstadtgemeinde-bernburg.de\/wp-content\/uploads\/2023\/02\/pfarrer_lewek_2023_website.jpeg 640w, https:\/\/talstadtgemeinde-bernburg.de\/wp-content\/uploads\/2023\/02\/pfarrer_lewek_2023_website-300x200.jpeg 300w, https:\/\/talstadtgemeinde-bernburg.de\/wp-content\/uploads\/2023\/02\/pfarrer_lewek_2023_website-624x416.jpeg 624w\" sizes=\"(max-width: 640px) 100vw, 640px\" \/><\/figure><\/div>\n\n\n<p class=\"has-text-align-center\"><\/p>\n\n\n\n<p><\/p>\n<\/div><\/div>\n\n\n\n<div class=\"wp-block-group has-very-light-gray-background-color has-background\"><div class=\"wp-block-group__inner-container is-layout-flow wp-block-group-is-layout-flow\">\n<p class=\"has-text-align-center has-cyan-bluish-gray-background-color has-background has-medium-font-size\">Ahnenforschung<\/p>\n\n\n\n<p class=\"has-very-light-gray-background-color has-background\">Wenn Sie in unsere Kirchenb\u00fccher Einblick &nbsp;nehmen bzw. Ausk\u00fcnfte aus den Kirchenb\u00fccher haben wollen, dann ist das nur Online m\u00f6glich. Unsere Kirchenb\u00fccher sind digitalisiert worden und unter <a href=\"http:\/\/www.archion.de\">http:\/\/www.archion.de<\/a> gegen Geb\u00fchr einsehbar.<\/p>\n<\/div><\/div>\n\n\n\n<div class=\"wp-block-group has-very-light-gray-background-color has-background\"><div class=\"wp-block-group__inner-container is-layout-flow wp-block-group-is-layout-flow\">\n<p class=\"has-text-align-center has-cyan-bluish-gray-background-color has-background has-medium-font-size\">Kirchenmusik <a href=\"https:\/\/kirchenmusik-in-bernburg.de\/\">https:\/\/kirchenmusik-in-bernburg.de\/<\/a><\/p>\n\n\n\n<p class=\"has-very-light-gray-background-color has-background\">Kirchenmusiker Benjamin Leins<br>Martinstr. 5<br>06406 Bernburg<br><strong>Telefon:<\/strong> 03471\/333529 (\u00fcber Pfarramt Martinsgemeinde)<br><strong>Mail:&nbsp;<\/strong><a href=\"mailto:  benjamin.leins@kircheanhalt.de\">benjamin.leins@kircheanhalt.de<\/a><\/p>\n\n\n\n<p><\/p>\n\n\n\n<p><\/p>\n\n\n\n<p><\/p>\n<\/div><\/div>\n\n\n\n<div class=\"wp-block-group has-very-light-gray-background-color has-background\"><div class=\"wp-block-group__inner-container is-layout-flow wp-block-group-is-layout-flow\">\n<p class=\"has-very-light-gray-background-color has-background\"><\/p>\n\n\n\n<p class=\"has-text-align-center has-cyan-bluish-gray-background-color has-background has-medium-font-size\">Posaunenchor<br><strong>&#8211; Die Marien-Bl\u00e4ser &#8211;<\/strong><\/p>\n\n\n\n<p class=\"has-very-light-gray-background-color has-background\">Der <strong>Posaunenchor der Evangelischen Talstadtgemeinde Bernburg<br><\/strong><a href=\"http:\/\/www.marien-blaeser.de\">www.marien-blaeser.de<\/a><br><strong>Twitter:<\/strong> @MarienBlaeser<strong><br>Chorleiter:<\/strong> Felix Meirich<br><strong>E-Mail:<\/strong> <a href=\"mailto:felix.meirich@marien-blaeser.de\">felix.meirich@marien-blaeser.de<\/a><\/p>\n\n\n<div class=\"wp-block-image\">\n<figure class=\"aligncenter size-large is-resized\"><img loading=\"lazy\" decoding=\"async\" width=\"1000\" height=\"667\" src=\"https:\/\/talstadtgemeinde-bernburg.de\/wp-content\/uploads\/2020\/10\/2020-Indienstnahme-Orgel-001.jpeg\" alt=\"\" class=\"wp-image-2375\" style=\"width:479px\" srcset=\"https:\/\/talstadtgemeinde-bernburg.de\/wp-content\/uploads\/2020\/10\/2020-Indienstnahme-Orgel-001.jpeg 1000w, https:\/\/talstadtgemeinde-bernburg.de\/wp-content\/uploads\/2020\/10\/2020-Indienstnahme-Orgel-001-300x200.jpeg 300w, https:\/\/talstadtgemeinde-bernburg.de\/wp-content\/uploads\/2020\/10\/2020-Indienstnahme-Orgel-001-768x512.jpeg 768w, https:\/\/talstadtgemeinde-bernburg.de\/wp-content\/uploads\/2020\/10\/2020-Indienstnahme-Orgel-001-624x416.jpeg 624w\" sizes=\"(max-width: 1000px) 100vw, 1000px\" \/><\/figure><\/div>\n\n\n<p class=\"has-text-align-center has-cyan-bluish-gray-background-color has-background has-medium-font-size\">Gemeindeb\u00fcro<\/p>\n\n\n\n<p class=\"has-very-dark-gray-color has-very-light-gray-background-color has-text-color has-background\"><strong>Gemeindesekret\u00e4r<\/strong> Herr Christian Loges<br>Im Pfarrhaus der Talstadtgemeinde (Breite Stra\u00dfe 81, 06406 Bernburg): mittwochs 13.00 Uhr bis 15.00 Uhr im Pfarrhaus<br><br>Im Gemeindeb\u00fcro der Schlosskirche (Schlossstra\u00dfe 7, 06406 Bernburg): Mo, Mi bis Fr 9.00 bis 12.00 Uhr, Di 14.00 bis 17.00 Uhr<br><strong>Telefon:<\/strong> 03471 \/ 62 51 00<br><strong>Mobil:<\/strong> 0175\/ 1080881<br><strong>E-Mail:<\/strong> christian.loges@schlosskirche-online.de<\/p>\n\n\n\n<p class=\"has-very-light-gray-background-color has-background\"><\/p>\n\n\n\n<p class=\"has-text-align-center has-cyan-bluish-gray-background-color has-background has-medium-font-size\">Vorsitzende des Gemeindekirchenrates<\/p>\n\n\n\n<p class=\"has-very-light-gray-background-color has-background\"><strong>Vorsitzende des Gemeindekirchenrates:<\/strong> <br>Frau Isolde Reichardt<br>Gro\u00dfe Wasserreihe 3<br>06406 Bernburg<br><strong>Telefon:<\/strong> 03471\/352282 (nach 17.00 Uhr)<br><strong>Mail:<\/strong>&nbsp;<a href=\"mailto:isolde.reichardt@llfg.mlu.sachsen-anhalt.de\">isolde.reichardt@llfg.mlu.sachsen-anhalt.de<\/a><\/p>\n\n\n<div class=\"wp-block-image\">\n<figure class=\"aligncenter size-large is-resized\"><img loading=\"lazy\" decoding=\"async\" width=\"1024\" height=\"858\" src=\"https:\/\/talstadtgemeinde-bernburg.de\/wp-content\/uploads\/2012\/11\/Isolde-Reichardt-1024x858.jpg\" alt=\"\" class=\"wp-image-252\" style=\"width:479px\" srcset=\"https:\/\/talstadtgemeinde-bernburg.de\/wp-content\/uploads\/2012\/11\/Isolde-Reichardt-1024x858.jpg 1024w, https:\/\/talstadtgemeinde-bernburg.de\/wp-content\/uploads\/2012\/11\/Isolde-Reichardt-300x251.jpg 300w, https:\/\/talstadtgemeinde-bernburg.de\/wp-content\/uploads\/2012\/11\/Isolde-Reichardt-768x643.jpg 768w, https:\/\/talstadtgemeinde-bernburg.de\/wp-content\/uploads\/2012\/11\/Isolde-Reichardt-624x523.jpg 624w\" sizes=\"(max-width: 1024px) 100vw, 1024px\" \/><\/figure><\/div>\n\n\n<p class=\"has-text-align-center has-very-dark-gray-color has-cyan-bluish-gray-background-color has-text-color has-background has-medium-font-size\">Gemeindekirchenr\u00e4te<\/p>\n\n\n<div class=\"wp-block-image\">\n<figure class=\"aligncenter size-large is-resized\"><img loading=\"lazy\" decoding=\"async\" width=\"1024\" height=\"576\" src=\"https:\/\/talstadtgemeinde-bernburg.de\/wp-content\/uploads\/2024\/01\/IMG_1504-1024x576.jpeg\" alt=\"\" class=\"wp-image-2964\" style=\"width:500px\" srcset=\"https:\/\/talstadtgemeinde-bernburg.de\/wp-content\/uploads\/2024\/01\/IMG_1504-1024x576.jpeg 1024w, https:\/\/talstadtgemeinde-bernburg.de\/wp-content\/uploads\/2024\/01\/IMG_1504-300x169.jpeg 300w, https:\/\/talstadtgemeinde-bernburg.de\/wp-content\/uploads\/2024\/01\/IMG_1504-768x432.jpeg 768w, https:\/\/talstadtgemeinde-bernburg.de\/wp-content\/uploads\/2024\/01\/IMG_1504-1536x864.jpeg 1536w, https:\/\/talstadtgemeinde-bernburg.de\/wp-content\/uploads\/2024\/01\/IMG_1504-2048x1151.jpeg 2048w, https:\/\/talstadtgemeinde-bernburg.de\/wp-content\/uploads\/2024\/01\/IMG_1504-624x351.jpeg 624w\" sizes=\"(max-width: 1024px) 100vw, 1024px\" \/><figcaption class=\"wp-element-caption\">Mitglieder des neuen GKR`s, von li nach re: Michael Haag, Katrin Strube, Isolde Reichardt, Anja Kie\u00dfling, Karola R\u00f6der, Johannes Lewek, Mher Kalashyan.<br>(nicht auf dem Bild: Detlef Gerecke, Iris Salzwedel)<\/figcaption><\/figure><\/div>\n\n\n<p class=\"has-very-dark-gray-color has-light-green-cyan-background-color has-text-color has-background\"><strong>Weiteres zu den Kontaktm\u00f6glichkeiten entnehmen Sie bitte unserem Gemeindebrief \u201eDie neue Br\u00fccke\u201c:&nbsp;<a href=\"https:\/\/talstadtgemeinde-bernburg.de\/?page_id=107\">hier geht es zur Br\u00fccke<\/a><\/strong><\/p>\n<\/div><\/div>\n","protected":false},"excerpt":{"rendered":"<p>Evangelische Talstadtgemeinde BernburgBreite Stra\u00dfe 8106406 BernburgTelefon: 03471\/ 353613Fax: 03471\/353681Mail: kontakt(at)talstadtgemeinde-bernburg.de Pfarrer Johannes LewekBreite Stra\u00dfe 8106406 BernburgTelefon: 03471 \/ 353613Funk: 0163 \/ 5527240Fax: 03471 \/ 353681Mail: johannes.lewek@talstadtgemeinde-bernburg.de Ahnenforschung Wenn Sie in unsere Kirchenb\u00fccher Einblick &nbsp;nehmen bzw. Ausk\u00fcnfte aus den Kirchenb\u00fccher haben wollen, dann ist das nur Online m\u00f6glich. Unsere Kirchenb\u00fccher sind digitalisiert worden und unter http:\/\/www.archion.de [&hellip;]<\/p>\n","protected":false},"author":2,"featured_media":0,"parent":0,"menu_order":0,"comment_status":"closed","ping_status":"closed","template":"","meta":{"footnotes":""},"_links":{"self":[{"href":"https:\/\/talstadtgemeinde-bernburg.de\/index.php?rest_route=\/wp\/v2\/pages\/43"}],"collection":[{"href":"https:\/\/talstadtgemeinde-bernburg.de\/index.php?rest_route=\/wp\/v2\/pages"}],"about":[{"href":"https:\/\/talstadtgemeinde-bernburg.de\/index.php?rest_route=\/wp\/v2\/types\/page"}],"author":[{"embeddable":true,"href":"https:\/\/talstadtgemeinde-bernburg.de\/index.php?rest_route=\/wp\/v2\/users\/2"}],"replies":[{"embeddable":true,"href":"https:\/\/talstadtgemeinde-bernburg.de\/index.php?rest_route=%2Fwp%2Fv2%2Fcomments&post=43"}],"version-history":[{"count":45,"href":"https:\/\/talstadtgemeinde-bernburg.de\/index.php?rest_route=\/wp\/v2\/pages\/43\/revisions"}],"predecessor-version":[{"id":3398,"href":"https:\/\/talstadtgemeinde-bernburg.de\/index.php?rest_route=\/wp\/v2\/pages\/43\/revisions\/3398"}],"wp:attachment":[{"href":"https:\/\/talstadtgemeinde-bernburg.de\/index.php?rest_route=%2Fwp%2Fv2%2Fmedia&parent=43"}],"curies":[{"name":"wp","href":"https:\/\/api.w.org\/{rel}","templated":true}]}}